{"id":3863,"date":"2020-04-17T14:47:58","date_gmt":"2020-04-17T12:47:58","guid":{"rendered":"http:\/\/www.6loupiots.fr\/?page_id=3863"},"modified":"2025-09-04T16:00:22","modified_gmt":"2025-09-04T14:00:22","slug":"jembauche-un-assistant-maternel","status":"publish","type":"page","link":"https:\/\/www.6loupiots.fr\/?page_id=3863","title":{"rendered":"J&#8217;embauche un assistant maternel"},"content":{"rendered":"\t\t<div data-elementor-type=\"wp-page\" data-elementor-id=\"3863\" class=\"elementor elementor-3863\">\n\t\t\t\t\t\t<section class=\"elementor-section elementor-top-section elementor-element elementor-element-1b5c3133 elementor-section-boxed elementor-section-height-default elementor-section-height-default\" data-id=\"1b5c3133\" data-element_type=\"section\" data-e-type=\"section\">\n\t\t\t\t\t\t<div class=\"elementor-container elementor-column-gap-default\">\n\t\t\t\t\t<div class=\"elementor-column elementor-col-100 elementor-top-column elementor-element elementor-element-dcb6bea\" data-id=\"dcb6bea\" data-element_type=\"column\" data-e-type=\"column\">\n\t\t\t<div class=\"elementor-widget-wrap elementor-element-populated\">\n\t\t\t\t\t\t<div class=\"elementor-element elementor-element-488ba489 elementor-widget elementor-widget-text-editor\" data-id=\"488ba489\" data-element_type=\"widget\" data-e-type=\"widget\" data-widget_type=\"text-editor.default\">\n\t\t\t\t<div class=\"elementor-widget-container\">\n\t\t\t\t\t\t\t\t\t<p><strong><u>Les choses \u00e0 faire et \u00e0 savoir d\u00e8s l&#8217;embauche <\/u><\/strong><\/p>\n<p><!-- \/wp:paragraph --><\/p>\n<p><!-- wp:paragraph --><\/p>\n<p>Vous avez trouv\u00e9 votre assistant maternel\u00a0? Faisons le point sur les choses \u00e0 faire et les points \u00e0 v\u00e9rifier \u00e0 l\u2019embauche.<\/p>\n<p><!-- \/wp:paragraph --><\/p>\n<p><!-- wp:paragraph --><\/p>\n<p>Ce qu\u2019il vous faut v\u00e9rifier avant l\u2019embauche<\/p>\n<p><!-- \/wp:paragraph --><\/p>\n<p><!-- wp:list --><\/p>\n<ul>\n<li><strong><u>L\u2019agr\u00e9ment<\/u><\/strong><\/li>\n<\/ul>\n<p><!-- \/wp:list --><\/p>\n<p><!-- wp:paragraph --><\/p>\n<p>L\u2019agr\u00e9ment est LE document que l\u2019assistant maternel doit vous pr\u00e9senter avant d\u2019accueillir votre enfant. Il pr\u00e9cise le nombre d\u2019enfants que le salari\u00e9 peut accueillir simultan\u00e9ment \u00e0 son domicile. Pensez \u00e0 bien v\u00e9rifier sa date de fin.<\/p>\n<p><!-- \/wp:paragraph --><\/p>\n<p><!-- wp:list --><\/p>\n<ul>\n<li><strong><u>Les assurances<\/u><\/strong><\/li>\n<\/ul>\n<p><!-- \/wp:list --><\/p>\n<p><!-- wp:paragraph --><\/p>\n<p>Le salari\u00e9 doit \u00e9galement vous pr\u00e9senter une attestation d\u2019assurance de responsabilit\u00e9 civile professionnelle. Cette assurance couvre les dommages que les enfants pourraient provoquer et ceux dont ils pourraient \u00eatre victimes pendant l\u2019accueil.<\/p>\n<p><!-- \/wp:paragraph --><\/p>\n<p><!-- wp:paragraph --><\/p>\n<p>Si vous souhaitez que l\u2019assistant maternel conduise votre enfant \u00e0 l\u2019\u00e9cole ou \u00e0 une activit\u00e9, demandez-lui son attestation d\u2019assurance automobile.<\/p>\n<p><!-- \/wp:paragraph --><\/p>\n<p><!-- wp:paragraph --><\/p>\n<p>Les coordonn\u00e9es et le num\u00e9ro de police de ces assurances doivent \u00eatre mentionn\u00e9s sur le contrat de travail.<\/p>\n<p><!-- \/wp:paragraph --><\/p>\n<p><!-- wp:image --><\/p>\n<figure class=\"wp-block-image\"><img decoding=\"async\" src=\"http:\/\/www.6loupiots.fr\/wp-content\/uploads\/2020\/04\/photo-4-1024x683.jpg\" alt=\"\" \/><\/figure>\n<p><!-- \/wp:image --><\/p>\n<p><!-- wp:paragraph --><\/p>\n<p><strong><u>Ce qu\u2019il vous faut faire au moment de l\u2019embauche<\/u><\/strong><\/p>\n<p><!-- \/wp:paragraph --><\/p>\n<p><!-- wp:list --><\/p>\n<ul>\n<li><strong><u>Le contrat de travail<\/u><\/strong><\/li>\n<\/ul>\n<p><!-- \/wp:list --><\/p>\n<p><!-- wp:paragraph --><\/p>\n<p>Le 1<sup>er<\/sup> jour d\u2019accueil de votre enfant au plus tard, l\u2019assistant maternel et vous, devez signer un <a href=\"https:\/\/www.6loupiots.fr\/?page_id=3913\" target=\"_blank\" rel=\"noopener\">contrat de travail.<\/a><\/p>\n<p><!-- \/wp:paragraph --><\/p>\n<p><!-- wp:list --><\/p>\n<ul>\n<li><strong><u>L\u2019inscription \u00e0 la CAF ou \u00e0 la MSA<\/u><\/strong><\/li>\n<\/ul>\n<p><!-- \/wp:list --><\/p>\n<p><!-- wp:paragraph --><\/p>\n<p>Pour obtenir votre num\u00e9ro employeur et b\u00e9n\u00e9ficier des aides, t\u00e9l\u00e9chargez et remplissez une demande de compl\u00e9ment de libre choix du mode de garde.<\/p>\n<p><!-- \/wp:paragraph --><\/p>\n<p><!-- wp:paragraph --><\/p>\n<p>&#8211; <a href=\"http:\/\/www.caf.fr\/allocataires\/droits-et-prestations\/s-informer-sur-les-aides\/petite-enfance\/le-complement-de-libre-choix-du-mode-de-garde\" target=\"_blank\" rel=\"noopener\">Explication Vid\u00e9o Demande de Compl\u00e9ment Libre Choix de Mode de Garde,<\/a><\/p>\n<p><!-- \/wp:paragraph --><\/p>\n<p><!-- wp:paragraph --><\/p>\n<p>&#8211; <a href=\"http:\/\/www.caf.fr\/allocataires\/droits-et-prestations\/s-informer-sur-les-aides\/petite-enfance\/le-complement-de-libre-choix-du-mode-de-garde\" target=\"_blank\" rel=\"noopener\">Faire votre demande CMG CAF,<\/a><\/p>\n<p><!-- \/wp:paragraph --><\/p>\n<p><!-- wp:paragraph --><\/p>\n<p>&#8211; <a href=\"https:\/\/www.msa.fr\/lfy\/famille\/paje-libre-choix-mode-garde?p_p_id=56_INSTANCE_7QlcWe4Q1RWL&amp;p_p_lifecycle=0&amp;p_p_state=normal&amp;p_p_mode=view&amp;p_p_col_id=column-1&amp;p_p_col_count=2&amp;_56_INSTANCE_7QlcWe4Q1RWL_read_more=1\" target=\"_blank\" rel=\"noopener\">Faire votre demande CMG MSA.<\/a><\/p>\n<p>&#8211;<a href=\"https:\/\/www.urssaf.fr\/accueil\/outils-documentation\/simulateurs\/calculer-reste-a-charge-cmg-pe.html\" target=\"_blank\" rel=\"noopener\">Evaluer votre reste \u00e0 charge et votre CMG<\/a><\/p>\n<p><!-- \/wp:paragraph --><\/p>\n<p><!-- wp:paragraph --><\/p>\n<p>Apr\u00e8s traitement de votre dossier, la Caf ou la MSA le transmet directement \u00e0 Pajemploi.<\/p>\n<p><!-- \/wp:paragraph --><\/p>\n<p><!-- wp:list --><\/p>\n<ul>\n<li><strong><u>D\u00e9claration Pajemploi<\/u><\/strong><\/li>\n<\/ul>\n<p><!-- \/wp:list --><\/p>\n<p><!-- wp:paragraph --><\/p>\n<p>Tous les mois, vous vous connectez \u00e0 votre espace Pajemploi pour d\u00e9clarer les salaires et indemnit\u00e9s vers\u00e9s \u00e0 votre assistant maternel.<\/p>\n<p><!-- \/wp:paragraph --><\/p>\n<p><!-- wp:paragraph --><\/p>\n<p><a href=\"https:\/\/www.youtube.com\/watch?v=KL3Vmb5Pn8c\" target=\"_blank\" rel=\"noopener\">Explication dispositif Pajemploi+.<\/a><\/p>\n<p><!-- \/wp:paragraph --><\/p>\n<p><!-- wp:paragraph --><\/p>\n<p>Si vous souhaitez utiliser le dispositif Pajemploi +, vous devez signer avec votre salari\u00e9 une attestation d\u2019adh\u00e9sion \u00e0 ce dispositif. <a href=\"https:\/\/www.pajemploi.urssaf.fr\/pajewebinfo\/files\/live\/sites\/pajewebinfo\/files\/contributed\/pdf\/attestation-autorisation\/attestation-autorisation-CPE-v0.pdf\" target=\"_blank\" rel=\"noopener\">Un mod\u00e8le est disponible sur le site de Pajemploi.<\/a><\/p>\n<p><!-- \/wp:paragraph --><\/p>\n<p><!-- wp:list --><\/p>\n<ul>\n<li><strong><u>Et du c\u00f4t\u00e9, de l\u2019assistant maternel ? <\/u><\/strong><\/li>\n<\/ul>\n<p><!-- \/wp:list --><\/p>\n<p><!-- wp:paragraph --><\/p>\n<p>Apr\u00e8s vous avoir fait visiter son domicile et avant de signer le contrat de travail, l\u2019assistant maternel v\u00e9rifie que votre enfant est \u00e0 jour de ses vaccinations.<\/p>\n<p><!-- \/wp:paragraph --><\/p>\n<p><!-- wp:paragraph --><\/p>\n<p><a href=\"https:\/\/www.cr-cesu.fr\/Tout-savoir-sur-les-titres-CESU\/qui-peut-on-remunerer-avec-des-titres-cesu.html?Parent=titres%3B&amp;fbclid=IwAR2fUKsOhViunRmg0-pv7QkghTDCqpIuyviWXvYxwx4KWCi37otOs2woTno\" target=\"_blank\" rel=\"noopener\">Payer en CESU mon assistant maternel.<\/a><\/p>\n<p><!-- \/wp:paragraph --><\/p>\n<p><!-- wp:paragraph --><\/p>\n<p><strong><u>R\u00e9diger le contrat d\u2019un assistant maternel<\/u><\/strong><\/p>\n<p><!-- \/wp:paragraph --><\/p>\n<p><!-- wp:paragraph --><\/p>\n<p>Il est obligatoire d\u2019\u00e9tablir un contrat de travail par \u00e9crit (en double exemplaire). Il contient un certain nombre de mentions et questions \u00e0 aborder avec votre assistant maternel.\u00a0 Attention, votre signature vous engage.<br \/>Au moment de remplir le contrat de travail, plusieurs points sont abord\u00e9s : la r\u00e9mun\u00e9ration, le nombre d\u2019heures et de semaines d\u2019accueil, les absences de l\u2019enfant, les cong\u00e9s de assistant maternel\u2026<\/p>\n<p><!-- \/wp:paragraph --><\/p>\n<p><!-- wp:paragraph --><\/p>\n<p>Nous mettons \u00e0 votre disposition <a href=\"https:\/\/www.6loupiots.fr\/?page_id=3913\" target=\"_blank\" rel=\"noopener\">des mod\u00e8les de contrats de travail<\/a> en fonction de votre situation.<\/p>\n<p><!-- \/wp:paragraph --><\/p>\n<p><!-- wp:paragraph --><\/p>\n<p>Vous pouvez \u00e9galement utiliser le<a href=\"https:\/\/www.pajemploi.urssaf.fr\/pajewebinfo\/files\/live\/sites\/pajewebinfo\/files\/contributed\/pdf\/employeur_ama\/2377-PAJE-CDI-AMA.pdf\" target=\"_blank\" rel=\"noopener\"> mod\u00e8le national de contrat de travail<\/a> sur le site de Pajemploi.<\/p>\n<p><!-- \/wp:paragraph --><\/p>\n<p><!-- wp:list --><\/p>\n<ul>\n<li><strong><u>La convention collective<\/u><\/strong><\/li>\n<\/ul>\n<p><!-- \/wp:list --><\/p>\n<p><!-- wp:paragraph --><\/p>\n<p>Lorsque l\u2019on embauche un assistant maternel, il est important de conna\u00eetre la <a href=\"https:\/\/www.fepem.fr\/wp-content\/uploads\/2021\/12\/2021-12-20_CCN-de-la-branche-du-secteur-des-PE-et-de-lEAD-_inte%CC%81gration-des-re%CC%81serves-et-exclusion_FEPEM_BD.pdf\" target=\"_blank\" rel=\"noopener\">convention collective<\/a> qui r\u00e9git cette profession.<\/p>\n<p><!-- \/wp:paragraph --><\/p>\n<p><!-- wp:list --><\/p>\n<ul>\n<li><strong><u>L\u2019engagement r\u00e9ciproque<\/u><\/strong><\/li>\n<\/ul>\n<p><!-- \/wp:list --><\/p>\n<p><!-- wp:paragraph --><\/p>\n<p>Vous pouvez vous entendre \u00e0 l\u2019avance avec votre futur salari\u00e9 sur la date d\u2019embauche, la dur\u00e9e du travail et la r\u00e9mun\u00e9ration.<\/p>\n<p><!-- \/wp:paragraph --><\/p>\n<p><!-- wp:paragraph --><\/p>\n<p>La formalisation de cet accord passe par la signature d\u2019un engagement r\u00e9ciproque qui reprend ces trois points.<\/p>\n<p><!-- \/wp:paragraph --><\/p>\n<p><!-- wp:paragraph --><\/p>\n<p>Nous vous proposons d&rsquo;utiliser le <a href=\"https:\/\/www.pajemploi.urssaf.fr\/pajewebinfo\/files\/live\/sites\/pajewebinfo\/files\/contributed\/pdf\/employeur_ama\/1924-Paje-Engagement-AMA.pdf\" target=\"_blank\" rel=\"noopener\">mod\u00e8le national d\u2019engagement r\u00e9ciproque.<\/a><\/p>\n<p><!-- \/wp:paragraph --><\/p>\n<p><!-- wp:paragraph --><\/p>\n<p>Avec ce document, vous \u00ab\u00a0r\u00e9servez\u00a0une place \u00bb chez l\u2019assistant maternel avant le d\u00e9but de l\u2019accueil. De son c\u00f4t\u00e9, le salari\u00e9 a une garantie d\u2019embauche.<\/p>\n<p><!-- \/wp:paragraph --><\/p>\n<p><!-- wp:list --><\/p>\n<ul>\n<li><strong><u>La rupture de l\u2019engagement r\u00e9ciproque<\/u><\/strong><\/li>\n<\/ul>\n<p><!-- \/wp:list --><\/p>\n<p><!-- wp:paragraph --><\/p>\n<p>Le salari\u00e9 ou vous pouvez rompre l\u2019engagement. Nous vous conseillons de le faire par \u00e9crit ou de demander un \u00e9crit au salari\u00e9 si la d\u00e9cision vient de lui.<\/p>\n<p><!-- \/wp:paragraph --><\/p>\n<p><!-- wp:paragraph --><\/p>\n<p>La partie qui rompt l\u2019engagement verse \u00e0 l\u2019autre une indemnit\u00e9 \u00e9gale \u00e0 un demi-mois de salaire brut (calcul\u00e9e sur la base de la dur\u00e9e du travail pr\u00e9vue dans l\u2019engagement r\u00e9ciproque). Cette somme n\u2019est pas soumise \u00e0 cotisations.<\/p>\n<p><!-- \/wp:paragraph --><\/p>\n<p><!-- wp:list --><\/p>\n<ul>\n<li><strong><u>La mensualisation<\/u><\/strong><\/li>\n<\/ul>\n<p><!-- \/wp:list --><\/p>\n<p><!-- wp:paragraph --><\/p>\n<p>Le contrat de travail doit \u00eatre r\u00e9dig\u00e9 et sign\u00e9 d\u00e8s l\u2019embauche afin de pr\u00e9voir la p\u00e9riode d\u2019essai. La premi\u00e8re question \u00e0 se poser est\u00a0: \u00ab\u00a0combien de semaines par an l\u2019assistant maternel va-t-il garder mon enfant\u00a0\u00bb. Cela d\u00e9termine la nature de votre contrat.<\/p>\n<p><!-- \/wp:paragraph --><\/p>\n<p><!-- wp:list --><\/p>\n<ul>\n<li>Contrat en ann\u00e9e compl\u00e8te<\/li>\n<\/ul>\n<p><!-- \/wp:list --><\/p>\n<p><!-- wp:paragraph --><\/p>\n<p>Si votre enfant est accueilli au moins 47 semaines sur les 12 mois qui suivent l\u2019embauche, vous devez conclure un contrat de travail en ann\u00e9e compl\u00e8te.<\/p>\n<p><!-- \/wp:paragraph --><\/p>\n<p><!-- wp:paragraph --><\/p>\n<p><em>Exemple\u00a0: Vous n\u2019avez que 5 semaines de vacances par an\u00a0: 4 en ao\u00fbt et 1 \u00e0 no\u00ebl. C\u2019est exactement les dates que souhaite l\u2019assistant maternel. Vous signez un contrat en ann\u00e9e compl\u00e8te.<\/em><\/p>\n<p><!-- \/wp:paragraph --><\/p>\n<p><!-- wp:paragraph --><\/p>\n<p>Dans ce cas, le salaire mensuel est calcul\u00e9 sur la base de 52 semaines, il inclut donc les cong\u00e9s pay\u00e9s.<\/p>\n<p><!-- \/wp:paragraph --><\/p>\n<p><!-- wp:list --><\/p>\n<ul>\n<li>Contrat en ann\u00e9e incompl\u00e8te<\/li>\n<\/ul>\n<p><!-- \/wp:list --><\/p>\n<p><!-- wp:paragraph --><\/p>\n<p>Si votre enfant est accueilli moins de 47 semaines sur les 12 mois qui suivent l\u2019embauche, vous devez conclure un contrat de travail en ann\u00e9e incompl\u00e8te.<\/p>\n<p><!-- \/wp:paragraph --><\/p>\n<p><!-- wp:paragraph --><\/p>\n<p><em>Exemple\u00a0: Vous \u00eates enseignante, vous n\u2019avez pas besoin d\u2019accueil pendant toutes les vacances scolaires. Vous le confiez donc uniquement 36 semaines par an \u00e0 l\u2019assistante maternelle. Vous signez avec elle un contrat pour une ann\u00e9e incompl\u00e8te d\u2019accueil car il y a plus de 5 semaines non travaill\u00e9es chaque ann\u00e9e.<\/em><\/p>\n<p><!-- \/wp:paragraph --><\/p>\n<p><!-- wp:paragraph --><\/p>\n<p>Dans ce cas, la r\u00e9mun\u00e9ration mensuelle est calcul\u00e9e sur la base du nombre de semaines d\u2019accueil et les cong\u00e9s pay\u00e9s sont r\u00e9mun\u00e9r\u00e9s en plus du salaire mensuel.<\/p>\n<p><!-- \/wp:paragraph --><\/p>\n<p><!-- wp:list --><\/p>\n<ul>\n<li>L\u2019accueil occasionnel<\/li>\n<\/ul>\n<p><!-- \/wp:list --><\/p>\n<p><!-- wp:paragraph --><\/p>\n<p>L\u2019accueil occasionnel correspond \u00e0 un accueil de \u00ab\u00a0d\u00e9pannage\u00a0\u00bb\u00a0: il est tr\u00e8s rare.<\/p>\n<p><!-- \/wp:paragraph --><\/p>\n<p><!-- wp:paragraph --><\/p>\n<p>Ainsi, si vous avez besoin que votre enfant soit accueilli de mani\u00e8re ponctuelle et pour une courte dur\u00e9e, vous pouvez conclure un contrat en accueil occasionnel.<\/p>\n<p><!-- \/wp:paragraph --><\/p>\n<p><!-- wp:paragraph --><\/p>\n<p>Dans ce cas, vous r\u00e9mun\u00e9rez le salari\u00e9 en fonction des heures r\u00e9ellement effectu\u00e9es chaque mois.<\/p>\n<p><!-- \/wp:paragraph --><\/p>\n<p><!-- wp:paragraph --><\/p>\n<p>Voici des documents \u00e0 votre disposition pour vous aider \u00e0 calculer votre mensualisation :<\/p>\n<p><!-- \/wp:paragraph --><\/p>\n<p><!-- wp:paragraph --><\/p>\n<p>&#8211; <a href=\"http:\/\/www.6loupiots.fr\/wp-content\/uploads\/2020\/04\/Calcul-mensualisation.pdf\" target=\"_blank\" rel=\"noopener\">Le calcul de la mensualisation,<\/a><\/p>\n<p><!-- \/wp:paragraph --><\/p>\n<p><!-- wp:paragraph --><\/p>\n<p>&#8211; <a href=\"http:\/\/www.6loupiots.fr\/wp-content\/uploads\/2020\/04\/La-mensualisation-Explication.pdf\" target=\"_blank\" rel=\"noopener\">Explication de la mensualisation.<\/a><\/p>\n<p><!-- \/wp:paragraph --><\/p>\n<p><!-- wp:paragraph --><\/p>\n<p><a href=\"http:\/\/www.6loupiots.fr\/wp-content\/uploads\/2020\/06\/Les-cong\u00e9s-pay\u00e9s.pdf\">&#8211;<\/a><a href=\"https:\/\/www.6loupiots.fr\/wp-content\/uploads\/2022\/01\/Les-conges-payes.pdf\">Les cong\u00e9s pay\u00e9s<\/a><\/p>\n<p><!-- \/wp:paragraph --><\/p>\n<p><!-- wp:paragraph --><\/p>\n<p><strong><strong>Les aides lors de l\u2019embauche d\u2019un assistant maternel<\/strong><br \/><\/strong><\/p>\n<p><!-- \/wp:paragraph --><\/p>\n<p><!-- wp:paragraph --><\/p>\n<p>Lorsque vous embauchez un assistant maternel, vous pr\u00e9tendez au Compl\u00e9ment Libre Choix de Mode de Garde vers\u00e9 par la CAF ou MSA<\/p>\n<p><!-- \/wp:paragraph --><\/p>\n<p><!-- wp:paragraph --><\/p>\n<p>Voici les explications\u00a0:<\/p>\n<p>&#8211;<a href=\"https:\/\/www.urssaf.fr\/accueil\/outils-documentation\/simulateurs\/calculer-reste-a-charge-cmg-pe.html\" target=\"_blank\" rel=\"noopener\">Evaluer votre reste \u00e0 charge et votre CMG<\/a><\/p>\n<p><!-- \/wp:paragraph --><\/p>\n<p><!-- wp:shortcode --><\/p>\n<p><\/p>\n<p><!-- \/wp:shortcode --><\/p>\n<p><!-- wp:list --><\/p>\n<ul>\n<li><a href=\"https:\/\/www.dailymotion.com\/video\/x6vkka3\" target=\"_blank\" rel=\"noopener\">Compl\u00e9ment du libre choix de mode de garde (vid\u00e9o)<\/a><\/li>\n<li><a href=\"http:\/\/www.caf.fr\/allocataires\/droits-et-prestations\/s-informer-sur-les-aides\/petite-enfance\/le-complement-de-libre-choix-du-mode-de-garde\" target=\"_blank\" rel=\"noopener\">Demande de CMG CAF,<\/a><\/li>\n<li><a href=\"https:\/\/www.msa.fr\/lfy\/famille\/paje-libre-choix-mode-garde?p_p_id=56_INSTANCE_7QlcWe4Q1RWL&amp;p_p_lifecycle=0&amp;p_p_state=normal&amp;p_p_mode=view&amp;p_p_col_id=column-1&amp;p_p_col_count=2&amp;_56_INSTANCE_7QlcWe4Q1RWL_read_more=1\" target=\"_blank\" rel=\"noopener\">Demande de CMG MSA.<\/a><\/li>\n<\/ul>\n<p><!-- \/wp:list --><\/p>\n<p><!-- wp:image --><\/p>\n<figure class=\"wp-block-image\"><img decoding=\"async\" src=\"http:\/\/www.6loupiots.fr\/wp-content\/uploads\/2020\/04\/photo-5-683x1024.jpg\" alt=\"\" \/><\/figure>\n<p><!-- \/wp:image --><\/p>\t\t\t\t\t\t\t\t<\/div>\n\t\t\t\t<\/div>\n\t\t\t\t\t<\/div>\n\t\t<\/div>\n\t\t\t\t\t<\/div>\n\t\t<\/section>\n\t\t\t\t<\/div>\n\t\t","protected":false},"excerpt":{"rendered":"<p>Les choses \u00e0 faire et \u00e0 savoir d\u00e8s l&#8217;embauche Vous avez trouv\u00e9 votre assistant maternel\u00a0? Faisons le point sur les choses \u00e0 faire et les points \u00e0 v\u00e9rifier \u00e0 l\u2019embauche. Ce qu\u2019il vous faut v\u00e9rifier avant l\u2019embauche L\u2019agr\u00e9ment L\u2019agr\u00e9ment est LE document que l\u2019assistant maternel doit vous pr\u00e9senter avant d\u2019accueillir votre enfant. Il pr\u00e9cise le&hellip; <br \/> <a class=\"button small blue\" href=\"https:\/\/www.6loupiots.fr\/?page_id=3863\">Lire la suite<\/a><\/p>\n","protected":false},"author":1,"featured_media":0,"parent":3548,"menu_order":0,"comment_status":"closed","ping_status":"closed","template":"","meta":{"_monsterinsights_skip_tracking":false,"_monsterinsights_sitenote_active":false,"_monsterinsights_sitenote_note":"","_monsterinsights_sitenote_category":0,"ngg_post_thumbnail":0,"footnotes":""},"class_list":["post-3863","page","type-page","status-publish","hentry"],"jetpack_sharing_enabled":true,"post_mailing_queue_ids":[],"_links":{"self":[{"href":"https:\/\/www.6loupiots.fr\/index.php?rest_route=\/wp\/v2\/pages\/3863","targetHints":{"allow":["GET"]}}],"collection":[{"href":"https:\/\/www.6loupiots.fr\/index.php?rest_route=\/wp\/v2\/pages"}],"about":[{"href":"https:\/\/www.6loupiots.fr\/index.php?rest_route=\/wp\/v2\/types\/page"}],"author":[{"embeddable":true,"href":"https:\/\/www.6loupiots.fr\/index.php?rest_route=\/wp\/v2\/users\/1"}],"replies":[{"embeddable":true,"href":"https:\/\/www.6loupiots.fr\/index.php?rest_route=%2Fwp%2Fv2%2Fcomments&post=3863"}],"version-history":[{"count":44,"href":"https:\/\/www.6loupiots.fr\/index.php?rest_route=\/wp\/v2\/pages\/3863\/revisions"}],"predecessor-version":[{"id":11093,"href":"https:\/\/www.6loupiots.fr\/index.php?rest_route=\/wp\/v2\/pages\/3863\/revisions\/11093"}],"up":[{"embeddable":true,"href":"https:\/\/www.6loupiots.fr\/index.php?rest_route=\/wp\/v2\/pages\/3548"}],"wp:attachment":[{"href":"https:\/\/www.6loupiots.fr\/index.php?rest_route=%2Fwp%2Fv2%2Fmedia&parent=3863"}],"curies":[{"name":"wp","href":"https:\/\/api.w.org\/{rel}","templated":true}]}}